{"id":22696,"date":"2019-02-21T11:33:03","date_gmt":"2019-02-21T09:33:03","guid":{"rendered":"http:\/\/printon.veebispetsid.com\/tooted\/kalendrid-markmikud\/"},"modified":"2019-08-30T16:46:34","modified_gmt":"2019-08-30T13:46:34","slug":"kalendrid-markmikud","status":"publish","type":"page","link":"https:\/\/www.printon.ee\/fi\/tooted\/kalendrid-markmikud\/","title":{"rendered":"Kalenterit &#038; muistikirjat"},"content":{"rendered":"<div class=\"fusion-fullwidth fullwidth-box nonhundred-percent-fullwidth non-hundred-percent-height-scrolling\"  style='background-color: rgba(255,255,255,0);background-position: center center;background-repeat: no-repeat;padding-top:0px;padding-right:0px;padding-bottom:0px;padding-left:0px;'><div class=\"fusion-builder-row fusion-row \"><div  class=\"fusion-layout-column fusion_builder_column fusion_builder_column_1_1 fusion-builder-column-1 fusion-one-full fusion-column-first fusion-column-last 1_1\"  style='margin-top:0px;margin-bottom:20px;'>\n\t\t\t\t\t<div class=\"fusion-column-wrapper\" style=\"padding: 0px 0px 0px 0px;background-position:left top;background-repeat:no-repeat;-webkit-background-size:cover;-moz-background-size:cover;-o-background-size:cover;background-size:cover;\"   data-bg-url=\"\">\n\t\t\t\t\t\t<div class=\"fusion-text\"><h3><img decoding=\"async\" class=\"aligncenter wp-image-21136\" src=\"https:\/\/printon.ee\/wp-content\/uploads\/2019\/05\/seinakalender-150x150.png\" alt=\"\" width=\"70\" height=\"70\" srcset=\"https:\/\/www.printon.ee\/wp-content\/uploads\/2019\/05\/seinakalender-66x66.png 66w, https:\/\/www.printon.ee\/wp-content\/uploads\/2019\/05\/seinakalender-150x150.png 150w, https:\/\/www.printon.ee\/wp-content\/uploads\/2019\/05\/seinakalender-200x200.png 200w, https:\/\/www.printon.ee\/wp-content\/uploads\/2019\/05\/seinakalender.png 300w\" sizes=\"(max-width: 70px) 100vw, 70px\" \/><\/h3>\n<h3 style=\"text-align: center;\">Kalenterit<\/h3>\n<p>Alkuper\u00e4isell\u00e4 muotoilulla sein\u00e4- tai p\u00f6yt\u00e4kalenteri koristaa toimistoa, lis\u00e4\u00e4 tuotemerkin maineikkuutta ja on sopiva lahja asiakkaille tai yhteisty\u00f6kumppaneille.<br \/>\nSein\u00e4kalenteri tehd\u00e4\u00e4n p\u00e4\u00e4asiassa wire-o sidoksella, mutta yksinkertaisissa ratkaisuissa voidaan k\u00e4ytt\u00e4\u00e4 my\u00f6s hakasidontaa. Sein\u00e4kalenterin muuttaa erityiseksi muotoilu, joka sopii yhteen yrityksen visuaalisen kuvan kanssa. Klassinen ratkaisu on ylh\u00e4\u00e4lt\u00e4 riippuva muuttumaton sivu, joka on yksil\u00f6llisesti suunniteltu ja jonka alle on sijoitettu p\u00e4\u00e4llekk\u00e4in edellinen, nykyinen ja tuleva kuukausi. Jokaiselle kuukaudelle voi my\u00f6s suunnitella oman sivun, joka tarjoaa k\u00e4ytt\u00e4j\u00e4lle vaihtelua ja uutuuden iloa. Sein\u00e4kalenterin ripustamiseksi on reik\u00e4, wire-o sidokseen voidaan lis\u00e4t\u00e4 metallinen ripustuskoukku.<br \/>\nP\u00f6yt\u00e4kalenteri on kyljelle k\u00e4\u00e4nnetty, kolmiota muistuttava pahvipainetulla pohjalla painate, johon on liitetty kalenterin lehdet. Kaunis p\u00f6yt\u00e4kalenteri on osa yrityksen julkisuuskuvaa, parantaa toimistoilmapiiri\u00e4 ja on tehokas tapa olla huomattuna ymp\u00e4ri vuoden.<\/p>\n<p><strong>Lis\u00e4tiedot:<\/strong><\/p>\n<ul>\n<li>Kalenterin etu- ja takasivu on yksil\u00f6llisesti muotoiltu (jos tarvitset suunnittelussa apua, kirjoita osoitteeseen printon@printon.ee ja tilaa suunnittelu meid\u00e4n suunnittelijalta).<\/li>\n<li>Kieli asiakkaan pyynn\u00f6st\u00e4<\/li>\n<li>Kaksi ja kolme v\u00e4ri\u00e4<\/li>\n<li>Asiakkaan pyynn\u00f6st\u00e4 merkitsemme viralliset juhlap\u00e4iv\u00e4t<\/li>\n<li>Kansakalenterin juhlap\u00e4iv\u00e4t tai p\u00e4iv\u00e4t, jotka ovat yrityksen kannalta t\u00e4rkeit\u00e4, liputusp\u00e4iv\u00e4t, kuun vaiheet.<\/li>\n<li>Viimeistely asiakkaan toiveiden mukaan<\/li>\n<li>Siirrett\u00e4v\u00e4 ikkuna<\/li>\n<\/ul>\n<\/div><style type=\"text\/css\" scoped=\"scoped\">.fusion-gallery-1 .fusion-gallery-image {border:0px solid #f6f6f6;}<\/style><div class=\"fusion-gallery fusion-gallery-container fusion-grid-2 fusion-columns-total-0 fusion-gallery-layout-grid fusion-gallery-1\" style=\"margin:-5px;\"><div style=\"padding:5px;\" class=\"fusion-grid-column fusion-gallery-column fusion-gallery-column-2 hover-type-zoomin\"><div class=\"fusion-gallery-image\"><a href=\"https:\/\/www.printon.ee\/wp-content\/uploads\/2019\/06\/Tallink-lauakalender.jpg\" data-rel=\"iLightbox[gallery_image_1]\" class=\"fusion-lightbox\" target=\"_self\"><img decoding=\"async\" src=\"https:\/\/www.printon.ee\/wp-content\/uploads\/2019\/06\/Tallink-lauakalender-460x295.jpg\" width=\"460\" height=\"295\" alt=\"\" title=\"Tallink lauakalender\" aria-label=\"Tallink lauakalender\" class=\"img-responsive wp-image-21291 fusion-gallery-image-size-fixed\" \/><\/a><\/div><\/div><div style=\"padding:5px;\" class=\"fusion-grid-column fusion-gallery-column fusion-gallery-column-2 hover-type-zoomin\"><div class=\"fusion-gallery-image\"><a href=\"https:\/\/www.printon.ee\/wp-content\/uploads\/2019\/06\/Tallink-seinakalender.jpg\" data-rel=\"iLightbox[gallery_image_1]\" class=\"fusion-lightbox\" target=\"_self\"><img decoding=\"async\" src=\"https:\/\/www.printon.ee\/wp-content\/uploads\/2019\/06\/Tallink-seinakalender-460x295.jpg\" width=\"460\" height=\"295\" alt=\"\" title=\"Tallink seinakalender\" aria-label=\"Tallink seinakalender\" class=\"img-responsive wp-image-21296 fusion-gallery-image-size-fixed\" \/><\/a><\/div><\/div><div class=\"clearfix\"><\/div><\/div><div class=\"fusion-sep-clear\"><\/div><div class=\"fusion-separator fusion-full-width-sep sep-double\" style=\"border-color:rgba(244,244,244,0);border-top-width:0px;border-bottom-width:0px;margin-left: auto;margin-right: auto;margin-top:;margin-bottom:20px;\"><\/div><div class=\"fusion-clearfix\"><\/div>\n\n\t\t\t\t\t<\/div>\n\t\t\t\t<\/div><div  class=\"fusion-layout-column fusion_builder_column fusion_builder_column_1_1 fusion-builder-column-2 fusion-one-full fusion-column-first fusion-column-last 1_1\"  style='margin-top:0px;margin-bottom:20px;'>\n\t\t\t\t\t<div class=\"fusion-column-wrapper\" style=\"padding: 0px 0px 0px 0px;background-position:left top;background-repeat:no-repeat;-webkit-background-size:cover;-moz-background-size:cover;-o-background-size:cover;background-size:cover;\"   data-bg-url=\"\">\n\t\t\t\t\t\t<div class=\"fusion-text\"><h3><img decoding=\"async\" class=\"aligncenter wp-image-21139\" src=\"https:\/\/printon.ee\/wp-content\/uploads\/2019\/05\/kalender-m\u00e4rkmik-150x150.png\" alt=\"\" width=\"70\" height=\"70\" srcset=\"https:\/\/www.printon.ee\/wp-content\/uploads\/2019\/05\/kalender-m\u00e4rkmik-66x66.png 66w, https:\/\/www.printon.ee\/wp-content\/uploads\/2019\/05\/kalender-m\u00e4rkmik-150x150.png 150w, https:\/\/www.printon.ee\/wp-content\/uploads\/2019\/05\/kalender-m\u00e4rkmik-200x200.png 200w, https:\/\/www.printon.ee\/wp-content\/uploads\/2019\/05\/kalender-m\u00e4rkmik.png 300w\" sizes=\"(max-width: 70px) 100vw, 70px\" \/><\/h3>\n<h3 style=\"text-align: center;\">Kalenteri-muistikirjat<\/h3>\n<p style=\"text-align: left;\">Tuotemerkill\u00e4 varustettu kalenteri-muistikirja on ihanteellinen liikelahja uudelle ty\u00f6ntekij\u00e4lle tai yrityskumppanille.<br \/>\nHenkil\u00f6kohtainen ja erottuvalla muotoilulla kalenterikirja on tyylik\u00e4s ja k\u00e4yt\u00e4nn\u00f6llinen. Tuotemerkill\u00e4 varustettu muistikirja ilman kalenteria ei vanhene ja voi olla k\u00e4yt\u00f6ss\u00e4 useita vuosia.<\/p>\n<p style=\"text-align: left;\">Meid\u00e4n valikoimasta l\u00f6ytyy pehme\u00e4- tai kovakantisia, wire-o tai open spine sidokseilla muistikirjoja. Ainutlaatuisella muotoilukonseptilla muistikirjoissa s\u00e4ilytet\u00e4\u00e4n yrityksen t\u00e4rkeit\u00e4 tietoja yritykselle ja\/tai k\u00e4ytet\u00e4\u00e4n selke\u00e4sti erottuvia graafisia elementtej\u00e4.<\/p>\n<p style=\"text-align: left;\">Muistikirja on viel\u00e4kin houkuttelevampi, jos sill\u00e4 on valitussa v\u00e4riss\u00e4 kirjanauha, kansien materiaali (nahka, kangas jne.), k\u00e4yntikorttien tasku, kansien vaikuttava j\u00e4lkik\u00e4sittely jne.<\/p>\n<\/div><style type=\"text\/css\" scoped=\"scoped\">.fusion-gallery-2 .fusion-gallery-image {border:0px solid #f6f6f6;}<\/style><div class=\"fusion-gallery fusion-gallery-container fusion-grid-2 fusion-columns-total-0 fusion-gallery-layout-grid fusion-gallery-2\" style=\"margin:-5px;\"><div style=\"padding:5px;\" class=\"fusion-grid-column fusion-gallery-column fusion-gallery-column-2 hover-type-zoomin\"><div class=\"fusion-gallery-image\"><a href=\"https:\/\/www.printon.ee\/wp-content\/uploads\/2019\/06\/INfortar-kalendermarkmikud-vajab-tootlust.jpg\" data-rel=\"iLightbox[gallery_image_2]\" class=\"fusion-lightbox\" target=\"_self\"><img decoding=\"async\" src=\"https:\/\/www.printon.ee\/wp-content\/uploads\/2019\/06\/INfortar-kalendermarkmikud-vajab-tootlust-460x295.jpg\" width=\"460\" height=\"295\" alt=\"\" title=\"INfortar kalendermarkmikud vajab tootlust\" aria-label=\"INfortar kalendermarkmikud vajab tootlust\" class=\"img-responsive wp-image-21301 fusion-gallery-image-size-fixed\" \/><\/a><\/div><\/div><div style=\"padding:5px;\" class=\"fusion-grid-column fusion-gallery-column fusion-gallery-column-2 hover-type-zoomin\"><div class=\"fusion-gallery-image\"><a href=\"https:\/\/www.printon.ee\/wp-content\/uploads\/2019\/06\/INfortar-vajavad-tootlust.jpg\" data-rel=\"iLightbox[gallery_image_2]\" class=\"fusion-lightbox\" target=\"_self\"><img decoding=\"async\" src=\"https:\/\/www.printon.ee\/wp-content\/uploads\/2019\/06\/INfortar-vajavad-tootlust-460x295.jpg\" width=\"460\" height=\"295\" alt=\"\" title=\"INfortar vajavad tootlust\" aria-label=\"INfortar vajavad tootlust\" class=\"img-responsive wp-image-21306 fusion-gallery-image-size-fixed\" \/><\/a><\/div><\/div><div class=\"clearfix\"><\/div><div style=\"padding:5px;\" class=\"fusion-grid-column fusion-gallery-column fusion-gallery-column-2 hover-type-zoomin\"><div class=\"fusion-gallery-image\"><a href=\"https:\/\/www.printon.ee\/wp-content\/uploads\/2019\/06\/Kalendermarkmikud-2.jpg\" data-rel=\"iLightbox[gallery_image_2]\" class=\"fusion-lightbox\" target=\"_self\"><img decoding=\"async\" src=\"https:\/\/www.printon.ee\/wp-content\/uploads\/2019\/06\/Kalendermarkmikud-2-460x295.jpg\" width=\"460\" height=\"295\" alt=\"\" title=\"Kalendermarkmikud 2\" aria-label=\"Kalendermarkmikud 2\" class=\"img-responsive wp-image-21311 fusion-gallery-image-size-fixed\" \/><\/a><\/div><\/div><div style=\"padding:5px;\" class=\"fusion-grid-column fusion-gallery-column fusion-gallery-column-2 hover-type-zoomin\"><div class=\"fusion-gallery-image\"><a href=\"https:\/\/www.printon.ee\/wp-content\/uploads\/2019\/06\/kalenderm\u00e4rkmikud.jpg\" data-rel=\"iLightbox[gallery_image_2]\" class=\"fusion-lightbox\" target=\"_self\"><img decoding=\"async\" src=\"https:\/\/www.printon.ee\/wp-content\/uploads\/2019\/06\/kalenderm\u00e4rkmikud-460x295.jpg\" width=\"460\" height=\"295\" alt=\"\" title=\"kalenderm\u00e4rkmikud\" aria-label=\"kalenderm\u00e4rkmikud\" class=\"img-responsive wp-image-21316 fusion-gallery-image-size-fixed\" \/><\/a><\/div><\/div><div class=\"clearfix\"><\/div><\/div><div class=\"fusion-clearfix\"><\/div>\n\n\t\t\t\t\t<\/div>\n\t\t\t\t<\/div><div  class=\"fusion-layout-column fusion_builder_column fusion_builder_column_1_1 fusion-builder-column-3 fusion-one-full fusion-column-first fusion-column-last 1_1\"  style='margin-top:0px;margin-bottom:20px;'>\n\t\t\t\t\t<div class=\"fusion-column-wrapper\" style=\"padding: 0px 0px 0px 0px;background-position:left top;background-repeat:no-repeat;-webkit-background-size:cover;-moz-background-size:cover;-o-background-size:cover;background-size:cover;\"   data-bg-url=\"\">\n\t\t\t\t\t\t<div class=\"fusion-sep-clear\"><\/div><div class=\"fusion-separator fusion-full-width-sep sep-single sep-solid\" style=\"border-color:#f4f4f4;border-top-width:2px;margin-left: auto;margin-right: auto;margin-top:10px;margin-bottom:20px;\"><\/div><div class=\"fusion-text\"><h5>Kirjoita meille ja l\u00f6yd\u00e4mme parhaan ratkaisun!<\/h5>\n<\/div><div class=\"fusion-button-wrapper\"><style type=\"text\/css\" scoped=\"scoped\">.fusion-button.button-1 .fusion-button-text, .fusion-button.button-1 i {color:#ffffff;}.fusion-button.button-1 {border-width:1px;border-color:#ffffff;}.fusion-button.button-1 .fusion-button-icon-divider{border-color:#ffffff;}.fusion-button.button-1:hover .fusion-button-text, .fusion-button.button-1:hover i,.fusion-button.button-1:focus .fusion-button-text, .fusion-button.button-1:focus i,.fusion-button.button-1:active .fusion-button-text, .fusion-button.button-1:active{color:#ffffff;}.fusion-button.button-1:hover, .fusion-button.button-1:focus, .fusion-button.button-1:active{border-width:1px;border-color:#ffffff;}.fusion-button.button-1:hover .fusion-button-icon-divider, .fusion-button.button-1:hover .fusion-button-icon-divider, .fusion-button.button-1:active .fusion-button-icon-divider{border-color:#ffffff;}.fusion-button.button-1{width:auto;}<\/style><a class=\"fusion-button button-flat fusion-button-round button-large button-default button-1\" target=\"_self\" href=\"https:\/\/printon.ee\/fi\/hinnaparing\/\"><span class=\"fusion-button-text\">TARJOUSPYYNT\u00d6<\/span><\/a><\/div><div class=\"fusion-clearfix\"><\/div>\n\n\t\t\t\t\t<\/div>\n\t\t\t\t<\/div><\/div><\/div>\n","protected":false},"excerpt":{"rendered":"","protected":false},"author":9,"featured_media":0,"parent":22681,"menu_order":0,"comment_status":"closed","ping_status":"closed","template":"","meta":{"footnotes":""},"class_list":["post-22696","page","type-page","status-publish","hentry"],"yoast_head":"<!-- This site is optimized with the Yoast SEO plugin v26.8 - https:\/\/yoast.com\/product\/yoast-seo-wordpress\/ -->\n<title>Kalenterit &amp; muistikirjat - AS Printon<\/title>\n<meta name=\"description\" content=\"Kalenterit ja kalenteri-muistikirjat Tallinnasta Virosta. Painotalo Printon AS. Ota yhteytt\u00e4 printon@printon.ee tai soita +372 676 5100\" \/>\n<meta name=\"robots\" content=\"index, follow, max-snippet:-1, max-image-preview:large, max-video-preview:-1\" \/>\n<link rel=\"canonical\" href=\"https:\/\/www.printon.ee\/fi\/tooted\/kalendrid-markmikud\/\" \/>\n<meta property=\"og:locale\" content=\"fi_FI\" \/>\n<meta property=\"og:type\" content=\"article\" \/>\n<meta property=\"og:title\" content=\"Kalenterit &amp; muistikirjat - AS Printon\" \/>\n<meta property=\"og:description\" content=\"Kalenterit ja kalenteri-muistikirjat Tallinnasta Virosta. Painotalo Printon AS. Ota yhteytt\u00e4 printon@printon.ee tai soita +372 676 5100\" \/>\n<meta property=\"og:url\" content=\"https:\/\/www.printon.ee\/fi\/tooted\/kalendrid-markmikud\/\" \/>\n<meta property=\"og:site_name\" content=\"AS Printon\" \/>\n<meta property=\"article:modified_time\" content=\"2019-08-30T13:46:34+00:00\" \/>\n<meta property=\"og:image\" content=\"https:\/\/printon.ee\/wp-content\/uploads\/2019\/05\/seinakalender-150x150.png\" \/>\n<meta name=\"twitter:card\" content=\"summary_large_image\" \/>\n<meta name=\"twitter:label1\" content=\"Arvioitu lukuaika\" \/>\n\t<meta name=\"twitter:data1\" content=\"5 minuuttia\" \/>\n<script type=\"application\/ld+json\" class=\"yoast-schema-graph\">{\"@context\":\"https:\/\/schema.org\",\"@graph\":[{\"@type\":\"WebPage\",\"@id\":\"https:\/\/www.printon.ee\/fi\/tooted\/kalendrid-markmikud\/\",\"url\":\"https:\/\/www.printon.ee\/fi\/tooted\/kalendrid-markmikud\/\",\"name\":\"Kalenterit & muistikirjat - AS Printon\",\"isPartOf\":{\"@id\":\"https:\/\/www.printon.ee\/#website\"},\"primaryImageOfPage\":{\"@id\":\"https:\/\/www.printon.ee\/fi\/tooted\/kalendrid-markmikud\/#primaryimage\"},\"image\":{\"@id\":\"https:\/\/www.printon.ee\/fi\/tooted\/kalendrid-markmikud\/#primaryimage\"},\"thumbnailUrl\":\"https:\/\/printon.ee\/wp-content\/uploads\/2019\/05\/seinakalender-150x150.png\",\"datePublished\":\"2019-02-21T09:33:03+00:00\",\"dateModified\":\"2019-08-30T13:46:34+00:00\",\"description\":\"Kalenterit ja kalenteri-muistikirjat Tallinnasta Virosta. Painotalo Printon AS. Ota yhteytt\u00e4 printon@printon.ee tai soita +372 676 5100\",\"breadcrumb\":{\"@id\":\"https:\/\/www.printon.ee\/fi\/tooted\/kalendrid-markmikud\/#breadcrumb\"},\"inLanguage\":\"fi\",\"potentialAction\":[{\"@type\":\"ReadAction\",\"target\":[\"https:\/\/www.printon.ee\/fi\/tooted\/kalendrid-markmikud\/\"]}]},{\"@type\":\"ImageObject\",\"inLanguage\":\"fi\",\"@id\":\"https:\/\/www.printon.ee\/fi\/tooted\/kalendrid-markmikud\/#primaryimage\",\"url\":\"https:\/\/printon.ee\/wp-content\/uploads\/2019\/05\/seinakalender-150x150.png\",\"contentUrl\":\"https:\/\/printon.ee\/wp-content\/uploads\/2019\/05\/seinakalender-150x150.png\"},{\"@type\":\"BreadcrumbList\",\"@id\":\"https:\/\/www.printon.ee\/fi\/tooted\/kalendrid-markmikud\/#breadcrumb\",\"itemListElement\":[{\"@type\":\"ListItem\",\"position\":1,\"name\":\"Home\",\"item\":\"https:\/\/www.printon.ee\/fi\/\"},{\"@type\":\"ListItem\",\"position\":2,\"name\":\"Tuotanto\",\"item\":\"https:\/\/www.printon.ee\/fi\/tooted\/\"},{\"@type\":\"ListItem\",\"position\":3,\"name\":\"Kalenterit &#038; muistikirjat\"}]},{\"@type\":\"WebSite\",\"@id\":\"https:\/\/www.printon.ee\/#website\",\"url\":\"https:\/\/www.printon.ee\/\",\"name\":\"AS Printon\",\"description\":\"Raamatud, bros\u00fc\u00fcrid, kataloogid, kalendrid\",\"potentialAction\":[{\"@type\":\"SearchAction\",\"target\":{\"@type\":\"EntryPoint\",\"urlTemplate\":\"https:\/\/www.printon.ee\/?s={search_term_string}\"},\"query-input\":{\"@type\":\"PropertyValueSpecification\",\"valueRequired\":true,\"valueName\":\"search_term_string\"}}],\"inLanguage\":\"fi\"}]}<\/script>\n<!-- \/ Yoast SEO plugin. -->","yoast_head_json":{"title":"Kalenterit & muistikirjat - AS Printon","description":"Kalenterit ja kalenteri-muistikirjat Tallinnasta Virosta. Painotalo Printon AS. Ota yhteytt\u00e4 printon@printon.ee tai soita +372 676 5100","robots":{"index":"index","follow":"follow","max-snippet":"max-snippet:-1","max-image-preview":"max-image-preview:large","max-video-preview":"max-video-preview:-1"},"canonical":"https:\/\/www.printon.ee\/fi\/tooted\/kalendrid-markmikud\/","og_locale":"fi_FI","og_type":"article","og_title":"Kalenterit & muistikirjat - AS Printon","og_description":"Kalenterit ja kalenteri-muistikirjat Tallinnasta Virosta. Painotalo Printon AS. Ota yhteytt\u00e4 printon@printon.ee tai soita +372 676 5100","og_url":"https:\/\/www.printon.ee\/fi\/tooted\/kalendrid-markmikud\/","og_site_name":"AS Printon","article_modified_time":"2019-08-30T13:46:34+00:00","og_image":[{"url":"https:\/\/printon.ee\/wp-content\/uploads\/2019\/05\/seinakalender-150x150.png","type":"","width":"","height":""}],"twitter_card":"summary_large_image","twitter_misc":{"Arvioitu lukuaika":"5 minuuttia"},"schema":{"@context":"https:\/\/schema.org","@graph":[{"@type":"WebPage","@id":"https:\/\/www.printon.ee\/fi\/tooted\/kalendrid-markmikud\/","url":"https:\/\/www.printon.ee\/fi\/tooted\/kalendrid-markmikud\/","name":"Kalenterit & muistikirjat - AS Printon","isPartOf":{"@id":"https:\/\/www.printon.ee\/#website"},"primaryImageOfPage":{"@id":"https:\/\/www.printon.ee\/fi\/tooted\/kalendrid-markmikud\/#primaryimage"},"image":{"@id":"https:\/\/www.printon.ee\/fi\/tooted\/kalendrid-markmikud\/#primaryimage"},"thumbnailUrl":"https:\/\/printon.ee\/wp-content\/uploads\/2019\/05\/seinakalender-150x150.png","datePublished":"2019-02-21T09:33:03+00:00","dateModified":"2019-08-30T13:46:34+00:00","description":"Kalenterit ja kalenteri-muistikirjat Tallinnasta Virosta. Painotalo Printon AS. Ota yhteytt\u00e4 printon@printon.ee tai soita +372 676 5100","breadcrumb":{"@id":"https:\/\/www.printon.ee\/fi\/tooted\/kalendrid-markmikud\/#breadcrumb"},"inLanguage":"fi","potentialAction":[{"@type":"ReadAction","target":["https:\/\/www.printon.ee\/fi\/tooted\/kalendrid-markmikud\/"]}]},{"@type":"ImageObject","inLanguage":"fi","@id":"https:\/\/www.printon.ee\/fi\/tooted\/kalendrid-markmikud\/#primaryimage","url":"https:\/\/printon.ee\/wp-content\/uploads\/2019\/05\/seinakalender-150x150.png","contentUrl":"https:\/\/printon.ee\/wp-content\/uploads\/2019\/05\/seinakalender-150x150.png"},{"@type":"BreadcrumbList","@id":"https:\/\/www.printon.ee\/fi\/tooted\/kalendrid-markmikud\/#breadcrumb","itemListElement":[{"@type":"ListItem","position":1,"name":"Home","item":"https:\/\/www.printon.ee\/fi\/"},{"@type":"ListItem","position":2,"name":"Tuotanto","item":"https:\/\/www.printon.ee\/fi\/tooted\/"},{"@type":"ListItem","position":3,"name":"Kalenterit &#038; muistikirjat"}]},{"@type":"WebSite","@id":"https:\/\/www.printon.ee\/#website","url":"https:\/\/www.printon.ee\/","name":"AS Printon","description":"Raamatud, bros\u00fc\u00fcrid, kataloogid, kalendrid","potentialAction":[{"@type":"SearchAction","target":{"@type":"EntryPoint","urlTemplate":"https:\/\/www.printon.ee\/?s={search_term_string}"},"query-input":{"@type":"PropertyValueSpecification","valueRequired":true,"valueName":"search_term_string"}}],"inLanguage":"fi"}]}},"_links":{"self":[{"href":"https:\/\/www.printon.ee\/fi\/wp-json\/wp\/v2\/pages\/22696","targetHints":{"allow":["GET"]}}],"collection":[{"href":"https:\/\/www.printon.ee\/fi\/wp-json\/wp\/v2\/pages"}],"about":[{"href":"https:\/\/www.printon.ee\/fi\/wp-json\/wp\/v2\/types\/page"}],"author":[{"embeddable":true,"href":"https:\/\/www.printon.ee\/fi\/wp-json\/wp\/v2\/users\/9"}],"replies":[{"embeddable":true,"href":"https:\/\/www.printon.ee\/fi\/wp-json\/wp\/v2\/comments?post=22696"}],"version-history":[{"count":0,"href":"https:\/\/www.printon.ee\/fi\/wp-json\/wp\/v2\/pages\/22696\/revisions"}],"up":[{"embeddable":true,"href":"https:\/\/www.printon.ee\/fi\/wp-json\/wp\/v2\/pages\/22681"}],"wp:attachment":[{"href":"https:\/\/www.printon.ee\/fi\/wp-json\/wp\/v2\/media?parent=22696"}],"curies":[{"name":"wp","href":"https:\/\/api.w.org\/{rel}","templated":true}]}}