{"id":22074,"date":"2019-02-21T11:33:03","date_gmt":"2019-02-21T09:33:03","guid":{"rendered":"http:\/\/printon.veebispetsid.com\/tooted\/kalendrid-markmikud\/"},"modified":"2019-06-25T14:58:36","modified_gmt":"2019-06-25T11:58:36","slug":"kalendrid-markmikud","status":"publish","type":"page","link":"https:\/\/www.printon.ee\/sv\/tooted\/kalendrid-markmikud\/","title":{"rendered":"Kalendar &#038; Anteckningsb\u00f6cker"},"content":{"rendered":"<div class=\"fusion-fullwidth fullwidth-box nonhundred-percent-fullwidth non-hundred-percent-height-scrolling\"  style='background-color: rgba(255,255,255,0);background-position: center center;background-repeat: no-repeat;padding-top:0px;padding-right:0px;padding-bottom:0px;padding-left:0px;'><div class=\"fusion-builder-row fusion-row \"><div  class=\"fusion-layout-column fusion_builder_column fusion_builder_column_1_1 fusion-builder-column-1 fusion-one-full fusion-column-first fusion-column-last 1_1\"  style='margin-top:0px;margin-bottom:20px;'>\n\t\t\t\t\t<div class=\"fusion-column-wrapper\" style=\"padding: 0px 0px 0px 0px;background-position:left top;background-repeat:no-repeat;-webkit-background-size:cover;-moz-background-size:cover;-o-background-size:cover;background-size:cover;\"   data-bg-url=\"\">\n\t\t\t\t\t\t<div class=\"fusion-text\"><h3><img decoding=\"async\" class=\"aligncenter wp-image-21136\" src=\"https:\/\/printon.ee\/wp-content\/uploads\/2019\/05\/seinakalender-150x150.png\" alt=\"\" width=\"70\" height=\"70\" srcset=\"https:\/\/www.printon.ee\/wp-content\/uploads\/2019\/05\/seinakalender-66x66.png 66w, https:\/\/www.printon.ee\/wp-content\/uploads\/2019\/05\/seinakalender-150x150.png 150w, https:\/\/www.printon.ee\/wp-content\/uploads\/2019\/05\/seinakalender-200x200.png 200w, https:\/\/www.printon.ee\/wp-content\/uploads\/2019\/05\/seinakalender.png 300w\" sizes=\"(max-width: 70px) 100vw, 70px\" \/><\/h3>\n<h3 style=\"text-align: center;\">Seinakalendrid<\/h3>\n<p style=\"text-align: left;\">En v\u00e4gg- eller bordskalender med originell design pryder kontoret, bidrar till varum\u00e4rkesk\u00e4nnedom och l\u00e4mpar sig som present till kunder eller samarbetspartners.<\/p>\n<p>V\u00e4ggkalendrar utf\u00f6rs oftast med spiralbindning (wire-o-bindning) men enklare l\u00f6sningar kan h\u00e4ftas i st\u00e4llet. En v\u00e4ggkalender blir speciell med en design som harmonierar med f\u00f6retagets visuella identitet. En klassisk l\u00f6sning har ett \u00f6verstycke med originell design och en nedre kalenderdel med tre m\u00e5nader nedanf\u00f6r varandra. Ett annat alternativ \u00e4r att ha en bildsida f\u00f6r varje m\u00e5nad f\u00f6r omv\u00e4xling och uppt\u00e4cktsgl\u00e4dje f\u00f6r anv\u00e4ndaren. V\u00e4ggkalendrar har ett h\u00e5l f\u00f6r upph\u00e4ngning; spiralbindningen kan kompletteras med en h\u00e4ngkrok i metall.<\/p>\n<p>En bordskalender \u00e4r en liggande trekantig trycksak med bas i kartong och kalenderblad. En snygg bordskalender \u00e4r en del av f\u00f6retagets visuella identitet, den bidrar till st\u00e4mningen i kontoret och \u00e4r ett effektivt hj\u00e4lpmedel f\u00f6r att synas \u00e5ret runt.<\/p>\n<p style=\"text-align: left;\"><strong>N\u00e4rmare information:<\/strong><\/p>\n<ul>\n<li>Kalenderns fr\u00e4mre och bakre omslag har individuell design (om du beh\u00f6ver hj\u00e4lp med din design, skriv till printon@printon.ee och best\u00e4ll designen fr\u00e5n v\u00e5r formgivare).<\/li>\n<li>Spr\u00e5k efter best\u00e4llarens \u00f6nskem\u00e5l<\/li>\n<li>Tv\u00e5 och tre f\u00e4rger<\/li>\n<li>Vid best\u00e4llarens \u00f6nskem\u00e5l markeras \u00e4ven helgdagar i det aktuella landet<\/li>\n<li>Traditionella h\u00f6gtider eller viktiga dagar f\u00f6r f\u00f6retaget, flaggdagar, m\u00e5nfaser.<\/li>\n<li>Slutbearbetning efter kundens \u00f6nskem\u00e5l<\/li>\n<li>Flyttbar dagmark\u00f6r<\/li>\n<\/ul>\n<\/div><style type=\"text\/css\" scoped=\"scoped\">.fusion-gallery-1 .fusion-gallery-image {border:0px solid #f6f6f6;}<\/style><div class=\"fusion-gallery fusion-gallery-container fusion-grid-2 fusion-columns-total-0 fusion-gallery-layout-grid fusion-gallery-1\" style=\"margin:-5px;\"><div style=\"padding:5px;\" class=\"fusion-grid-column fusion-gallery-column fusion-gallery-column-2 hover-type-zoomin\"><div class=\"fusion-gallery-image\"><a href=\"https:\/\/www.printon.ee\/wp-content\/uploads\/2019\/06\/Tallink-lauakalender.jpg\" data-rel=\"iLightbox[gallery_image_1]\" class=\"fusion-lightbox\" target=\"_self\"><img decoding=\"async\" src=\"https:\/\/www.printon.ee\/wp-content\/uploads\/2019\/06\/Tallink-lauakalender-460x295.jpg\" width=\"460\" height=\"295\" alt=\"\" title=\"Tallink lauakalender\" aria-label=\"Tallink lauakalender\" class=\"img-responsive wp-image-21291 fusion-gallery-image-size-fixed\" \/><\/a><\/div><\/div><div style=\"padding:5px;\" class=\"fusion-grid-column fusion-gallery-column fusion-gallery-column-2 hover-type-zoomin\"><div class=\"fusion-gallery-image\"><a href=\"https:\/\/www.printon.ee\/wp-content\/uploads\/2019\/06\/Tallink-seinakalender.jpg\" data-rel=\"iLightbox[gallery_image_1]\" class=\"fusion-lightbox\" target=\"_self\"><img decoding=\"async\" src=\"https:\/\/www.printon.ee\/wp-content\/uploads\/2019\/06\/Tallink-seinakalender-460x295.jpg\" width=\"460\" height=\"295\" alt=\"\" title=\"Tallink seinakalender\" aria-label=\"Tallink seinakalender\" class=\"img-responsive wp-image-21296 fusion-gallery-image-size-fixed\" \/><\/a><\/div><\/div><div class=\"clearfix\"><\/div><\/div><div class=\"fusion-sep-clear\"><\/div><div class=\"fusion-separator fusion-full-width-sep sep-double\" style=\"border-color:rgba(244,244,244,0);border-top-width:0px;border-bottom-width:0px;margin-left: auto;margin-right: auto;margin-top:;margin-bottom:20px;\"><\/div><div class=\"fusion-clearfix\"><\/div>\n\n\t\t\t\t\t<\/div>\n\t\t\t\t<\/div><div  class=\"fusion-layout-column fusion_builder_column fusion_builder_column_1_1 fusion-builder-column-2 fusion-one-full fusion-column-first fusion-column-last 1_1\"  style='margin-top:0px;margin-bottom:20px;'>\n\t\t\t\t\t<div class=\"fusion-column-wrapper\" style=\"padding: 0px 0px 0px 0px;background-position:left top;background-repeat:no-repeat;-webkit-background-size:cover;-moz-background-size:cover;-o-background-size:cover;background-size:cover;\"   data-bg-url=\"\">\n\t\t\t\t\t\t<div class=\"fusion-text\"><h3><img decoding=\"async\" class=\"aligncenter wp-image-21139\" src=\"https:\/\/printon.ee\/wp-content\/uploads\/2019\/05\/kalender-m\u00e4rkmik-150x150.png\" alt=\"\" width=\"70\" height=\"70\" srcset=\"https:\/\/www.printon.ee\/wp-content\/uploads\/2019\/05\/kalender-m\u00e4rkmik-66x66.png 66w, https:\/\/www.printon.ee\/wp-content\/uploads\/2019\/05\/kalender-m\u00e4rkmik-150x150.png 150w, https:\/\/www.printon.ee\/wp-content\/uploads\/2019\/05\/kalender-m\u00e4rkmik-200x200.png 200w, https:\/\/www.printon.ee\/wp-content\/uploads\/2019\/05\/kalender-m\u00e4rkmik.png 300w\" sizes=\"(max-width: 70px) 100vw, 70px\" \/><\/h3>\n<h3 style=\"text-align: center;\">Almanackor<\/h3>\n<p>Almanackor med varum\u00e4rkestryck \u00e4r perfekta aff\u00e4rspresenter till nya anst\u00e4llda eller samarbetspartners.<\/p>\n<p>Personaliserade anteckningsb\u00f6cker med originell design \u00e4r b\u00e5de stilfulla och praktiska. Anteckningsb\u00f6cker med varum\u00e4rkestryck men utan kalenderinlaga kan anv\u00e4ndas i flera \u00e5r.<\/p>\n<p>Printon producerar b\u00e5de h\u00e5rd- och mjukbundna anteckningsb\u00f6cker med individuell design. Urvalet inkluderar \u00e4ven spiralbindning (wire-o-bindning) och \u00f6ppen rygg. Anteckningsb\u00f6cker med ett unikt designkoncept f\u00f6rses med viktig information f\u00f6r f\u00f6retaget och\/eller tydligt utm\u00e4rkande grafiska element.<br \/>Anteckningsboken blir \u00e4nnu mer attraktiv med ett bokm\u00e4rkesband i vald kul\u00f6r, noga utvalt \u00f6verdragsmaterial (syntetl\u00e4der, tyg osv.), en sidoficka f\u00f6r visitkort, snygg efterbearbetning av p\u00e4rmar m. fl.<\/p>\n<\/div><style type=\"text\/css\" scoped=\"scoped\">.fusion-gallery-2 .fusion-gallery-image {border:0px solid #f6f6f6;}<\/style><div class=\"fusion-gallery fusion-gallery-container fusion-grid-2 fusion-columns-total-0 fusion-gallery-layout-grid fusion-gallery-2\" style=\"margin:-5px;\"><div style=\"padding:5px;\" class=\"fusion-grid-column fusion-gallery-column fusion-gallery-column-2 hover-type-zoomin\"><div class=\"fusion-gallery-image\"><a href=\"https:\/\/www.printon.ee\/wp-content\/uploads\/2019\/06\/INfortar-kalendermarkmikud-vajab-tootlust.jpg\" data-rel=\"iLightbox[gallery_image_2]\" class=\"fusion-lightbox\" target=\"_self\"><img decoding=\"async\" src=\"https:\/\/www.printon.ee\/wp-content\/uploads\/2019\/06\/INfortar-kalendermarkmikud-vajab-tootlust-460x295.jpg\" width=\"460\" height=\"295\" alt=\"\" title=\"INfortar kalendermarkmikud vajab tootlust\" aria-label=\"INfortar kalendermarkmikud vajab tootlust\" class=\"img-responsive wp-image-21301 fusion-gallery-image-size-fixed\" \/><\/a><\/div><\/div><div style=\"padding:5px;\" class=\"fusion-grid-column fusion-gallery-column fusion-gallery-column-2 hover-type-zoomin\"><div class=\"fusion-gallery-image\"><a href=\"https:\/\/www.printon.ee\/wp-content\/uploads\/2019\/06\/INfortar-vajavad-tootlust.jpg\" data-rel=\"iLightbox[gallery_image_2]\" class=\"fusion-lightbox\" target=\"_self\"><img decoding=\"async\" src=\"https:\/\/www.printon.ee\/wp-content\/uploads\/2019\/06\/INfortar-vajavad-tootlust-460x295.jpg\" width=\"460\" height=\"295\" alt=\"\" title=\"INfortar vajavad tootlust\" aria-label=\"INfortar vajavad tootlust\" class=\"img-responsive wp-image-21306 fusion-gallery-image-size-fixed\" \/><\/a><\/div><\/div><div class=\"clearfix\"><\/div><div style=\"padding:5px;\" class=\"fusion-grid-column fusion-gallery-column fusion-gallery-column-2 hover-type-zoomin\"><div class=\"fusion-gallery-image\"><a href=\"https:\/\/www.printon.ee\/wp-content\/uploads\/2019\/06\/Kalendermarkmikud-2.jpg\" data-rel=\"iLightbox[gallery_image_2]\" class=\"fusion-lightbox\" target=\"_self\"><img decoding=\"async\" src=\"https:\/\/www.printon.ee\/wp-content\/uploads\/2019\/06\/Kalendermarkmikud-2-460x295.jpg\" width=\"460\" height=\"295\" alt=\"\" title=\"Kalendermarkmikud 2\" aria-label=\"Kalendermarkmikud 2\" class=\"img-responsive wp-image-21311 fusion-gallery-image-size-fixed\" \/><\/a><\/div><\/div><div style=\"padding:5px;\" class=\"fusion-grid-column fusion-gallery-column fusion-gallery-column-2 hover-type-zoomin\"><div class=\"fusion-gallery-image\"><a href=\"https:\/\/www.printon.ee\/wp-content\/uploads\/2019\/06\/kalenderm\u00e4rkmikud.jpg\" data-rel=\"iLightbox[gallery_image_2]\" class=\"fusion-lightbox\" target=\"_self\"><img decoding=\"async\" src=\"https:\/\/www.printon.ee\/wp-content\/uploads\/2019\/06\/kalenderm\u00e4rkmikud-460x295.jpg\" width=\"460\" height=\"295\" alt=\"\" title=\"kalenderm\u00e4rkmikud\" aria-label=\"kalenderm\u00e4rkmikud\" class=\"img-responsive wp-image-21316 fusion-gallery-image-size-fixed\" \/><\/a><\/div><\/div><div class=\"clearfix\"><\/div><\/div><div class=\"fusion-clearfix\"><\/div>\n\n\t\t\t\t\t<\/div>\n\t\t\t\t<\/div><div  class=\"fusion-layout-column fusion_builder_column fusion_builder_column_1_1 fusion-builder-column-3 fusion-one-full fusion-column-first fusion-column-last 1_1\"  style='margin-top:0px;margin-bottom:20px;'>\n\t\t\t\t\t<div class=\"fusion-column-wrapper\" style=\"padding: 0px 0px 0px 0px;background-position:left top;background-repeat:no-repeat;-webkit-background-size:cover;-moz-background-size:cover;-o-background-size:cover;background-size:cover;\"   data-bg-url=\"\">\n\t\t\t\t\t\t<div class=\"fusion-sep-clear\"><\/div><div class=\"fusion-separator fusion-full-width-sep sep-single sep-solid\" style=\"border-color:#f4f4f4;border-top-width:2px;margin-left: auto;margin-right: auto;margin-top:10px;margin-bottom:20px;\"><\/div><div class=\"fusion-text\"><h5>Skriv till oss och vi hittar den b\u00e4sta l\u00f6sningen!<\/h5>\n<\/div><div class=\"fusion-button-wrapper\"><style type=\"text\/css\" scoped=\"scoped\">.fusion-button.button-1 .fusion-button-text, .fusion-button.button-1 i {color:#ffffff;}.fusion-button.button-1 {border-width:1px;border-color:#ffffff;}.fusion-button.button-1 .fusion-button-icon-divider{border-color:#ffffff;}.fusion-button.button-1:hover .fusion-button-text, .fusion-button.button-1:hover i,.fusion-button.button-1:focus .fusion-button-text, .fusion-button.button-1:focus i,.fusion-button.button-1:active .fusion-button-text, .fusion-button.button-1:active{color:#ffffff;}.fusion-button.button-1:hover, .fusion-button.button-1:focus, .fusion-button.button-1:active{border-width:1px;border-color:#ffffff;}.fusion-button.button-1:hover .fusion-button-icon-divider, .fusion-button.button-1:hover .fusion-button-icon-divider, .fusion-button.button-1:active .fusion-button-icon-divider{border-color:#ffffff;}.fusion-button.button-1{width:auto;}<\/style><a class=\"fusion-button button-flat fusion-button-round button-large button-default button-1\" target=\"_self\" href=\"https:\/\/printon.ee\/sv\/hinnaparing\/\"><span class=\"fusion-button-text\">Offerf\u00f6rfr\u00e5gan<\/span><\/a><\/div><div class=\"fusion-clearfix\"><\/div>\n\n\t\t\t\t\t<\/div>\n\t\t\t\t<\/div><\/div><\/div>\n","protected":false},"excerpt":{"rendered":"","protected":false},"author":9,"featured_media":0,"parent":22044,"menu_order":0,"comment_status":"closed","ping_status":"closed","template":"","meta":{"footnotes":""},"class_list":["post-22074","page","type-page","status-publish","hentry"],"yoast_head":"<!-- This site is optimized with the Yoast SEO plugin v26.8 - https:\/\/yoast.com\/product\/yoast-seo-wordpress\/ -->\n<title>Kalendar &amp; Anteckningsb\u00f6cker - Printon AS<\/title>\n<meta name=\"robots\" content=\"index, follow, max-snippet:-1, max-image-preview:large, max-video-preview:-1\" \/>\n<link rel=\"canonical\" href=\"https:\/\/www.printon.ee\/sv\/tooted\/kalendrid-markmikud\/\" \/>\n<meta property=\"og:locale\" content=\"sv_SE\" \/>\n<meta property=\"og:type\" content=\"article\" \/>\n<meta property=\"og:title\" content=\"Kalendar &amp; Anteckningsb\u00f6cker - Printon AS\" \/>\n<meta property=\"og:url\" content=\"https:\/\/www.printon.ee\/sv\/tooted\/kalendrid-markmikud\/\" \/>\n<meta property=\"og:site_name\" content=\"Printon AS\" \/>\n<meta property=\"article:modified_time\" content=\"2019-06-25T11:58:36+00:00\" \/>\n<meta property=\"og:image\" content=\"https:\/\/printon.ee\/wp-content\/uploads\/2019\/05\/seinakalender-150x150.png\" \/>\n<meta name=\"twitter:card\" content=\"summary_large_image\" \/>\n<meta name=\"twitter:label1\" content=\"Ber\u00e4knad l\u00e4stid\" \/>\n\t<meta name=\"twitter:data1\" content=\"6 minuter\" \/>\n<script type=\"application\/ld+json\" class=\"yoast-schema-graph\">{\"@context\":\"https:\/\/schema.org\",\"@graph\":[{\"@type\":\"WebPage\",\"@id\":\"https:\/\/www.printon.ee\/sv\/tooted\/kalendrid-markmikud\/\",\"url\":\"https:\/\/www.printon.ee\/sv\/tooted\/kalendrid-markmikud\/\",\"name\":\"Kalendar & Anteckningsb\u00f6cker - Printon AS\",\"isPartOf\":{\"@id\":\"https:\/\/www.printon.ee\/#website\"},\"primaryImageOfPage\":{\"@id\":\"https:\/\/www.printon.ee\/sv\/tooted\/kalendrid-markmikud\/#primaryimage\"},\"image\":{\"@id\":\"https:\/\/www.printon.ee\/sv\/tooted\/kalendrid-markmikud\/#primaryimage\"},\"thumbnailUrl\":\"https:\/\/printon.ee\/wp-content\/uploads\/2019\/05\/seinakalender-150x150.png\",\"datePublished\":\"2019-02-21T09:33:03+00:00\",\"dateModified\":\"2019-06-25T11:58:36+00:00\",\"breadcrumb\":{\"@id\":\"https:\/\/www.printon.ee\/sv\/tooted\/kalendrid-markmikud\/#breadcrumb\"},\"inLanguage\":\"sv-SE\",\"potentialAction\":[{\"@type\":\"ReadAction\",\"target\":[\"https:\/\/www.printon.ee\/sv\/tooted\/kalendrid-markmikud\/\"]}]},{\"@type\":\"ImageObject\",\"inLanguage\":\"sv-SE\",\"@id\":\"https:\/\/www.printon.ee\/sv\/tooted\/kalendrid-markmikud\/#primaryimage\",\"url\":\"https:\/\/printon.ee\/wp-content\/uploads\/2019\/05\/seinakalender-150x150.png\",\"contentUrl\":\"https:\/\/printon.ee\/wp-content\/uploads\/2019\/05\/seinakalender-150x150.png\"},{\"@type\":\"BreadcrumbList\",\"@id\":\"https:\/\/www.printon.ee\/sv\/tooted\/kalendrid-markmikud\/#breadcrumb\",\"itemListElement\":[{\"@type\":\"ListItem\",\"position\":1,\"name\":\"Home\",\"item\":\"https:\/\/www.printon.ee\/sv\/\"},{\"@type\":\"ListItem\",\"position\":2,\"name\":\"Produktion\",\"item\":\"https:\/\/www.printon.ee\/sv\/tooted\/\"},{\"@type\":\"ListItem\",\"position\":3,\"name\":\"Kalendar &#038; Anteckningsb\u00f6cker\"}]},{\"@type\":\"WebSite\",\"@id\":\"https:\/\/www.printon.ee\/#website\",\"url\":\"https:\/\/www.printon.ee\/\",\"name\":\"Printon AS\",\"description\":\"Raamatud, bros\u00fc\u00fcrid, kataloogid, kalendrid\",\"potentialAction\":[{\"@type\":\"SearchAction\",\"target\":{\"@type\":\"EntryPoint\",\"urlTemplate\":\"https:\/\/www.printon.ee\/?s={search_term_string}\"},\"query-input\":{\"@type\":\"PropertyValueSpecification\",\"valueRequired\":true,\"valueName\":\"search_term_string\"}}],\"inLanguage\":\"sv-SE\"}]}<\/script>\n<!-- \/ Yoast SEO plugin. -->","yoast_head_json":{"title":"Kalendar & Anteckningsb\u00f6cker - Printon AS","robots":{"index":"index","follow":"follow","max-snippet":"max-snippet:-1","max-image-preview":"max-image-preview:large","max-video-preview":"max-video-preview:-1"},"canonical":"https:\/\/www.printon.ee\/sv\/tooted\/kalendrid-markmikud\/","og_locale":"sv_SE","og_type":"article","og_title":"Kalendar & Anteckningsb\u00f6cker - Printon AS","og_url":"https:\/\/www.printon.ee\/sv\/tooted\/kalendrid-markmikud\/","og_site_name":"Printon AS","article_modified_time":"2019-06-25T11:58:36+00:00","og_image":[{"url":"https:\/\/printon.ee\/wp-content\/uploads\/2019\/05\/seinakalender-150x150.png","type":"","width":"","height":""}],"twitter_card":"summary_large_image","twitter_misc":{"Ber\u00e4knad l\u00e4stid":"6 minuter"},"schema":{"@context":"https:\/\/schema.org","@graph":[{"@type":"WebPage","@id":"https:\/\/www.printon.ee\/sv\/tooted\/kalendrid-markmikud\/","url":"https:\/\/www.printon.ee\/sv\/tooted\/kalendrid-markmikud\/","name":"Kalendar & Anteckningsb\u00f6cker - Printon AS","isPartOf":{"@id":"https:\/\/www.printon.ee\/#website"},"primaryImageOfPage":{"@id":"https:\/\/www.printon.ee\/sv\/tooted\/kalendrid-markmikud\/#primaryimage"},"image":{"@id":"https:\/\/www.printon.ee\/sv\/tooted\/kalendrid-markmikud\/#primaryimage"},"thumbnailUrl":"https:\/\/printon.ee\/wp-content\/uploads\/2019\/05\/seinakalender-150x150.png","datePublished":"2019-02-21T09:33:03+00:00","dateModified":"2019-06-25T11:58:36+00:00","breadcrumb":{"@id":"https:\/\/www.printon.ee\/sv\/tooted\/kalendrid-markmikud\/#breadcrumb"},"inLanguage":"sv-SE","potentialAction":[{"@type":"ReadAction","target":["https:\/\/www.printon.ee\/sv\/tooted\/kalendrid-markmikud\/"]}]},{"@type":"ImageObject","inLanguage":"sv-SE","@id":"https:\/\/www.printon.ee\/sv\/tooted\/kalendrid-markmikud\/#primaryimage","url":"https:\/\/printon.ee\/wp-content\/uploads\/2019\/05\/seinakalender-150x150.png","contentUrl":"https:\/\/printon.ee\/wp-content\/uploads\/2019\/05\/seinakalender-150x150.png"},{"@type":"BreadcrumbList","@id":"https:\/\/www.printon.ee\/sv\/tooted\/kalendrid-markmikud\/#breadcrumb","itemListElement":[{"@type":"ListItem","position":1,"name":"Home","item":"https:\/\/www.printon.ee\/sv\/"},{"@type":"ListItem","position":2,"name":"Produktion","item":"https:\/\/www.printon.ee\/sv\/tooted\/"},{"@type":"ListItem","position":3,"name":"Kalendar &#038; Anteckningsb\u00f6cker"}]},{"@type":"WebSite","@id":"https:\/\/www.printon.ee\/#website","url":"https:\/\/www.printon.ee\/","name":"Printon AS","description":"Raamatud, bros\u00fc\u00fcrid, kataloogid, kalendrid","potentialAction":[{"@type":"SearchAction","target":{"@type":"EntryPoint","urlTemplate":"https:\/\/www.printon.ee\/?s={search_term_string}"},"query-input":{"@type":"PropertyValueSpecification","valueRequired":true,"valueName":"search_term_string"}}],"inLanguage":"sv-SE"}]}},"_links":{"self":[{"href":"https:\/\/www.printon.ee\/sv\/wp-json\/wp\/v2\/pages\/22074","targetHints":{"allow":["GET"]}}],"collection":[{"href":"https:\/\/www.printon.ee\/sv\/wp-json\/wp\/v2\/pages"}],"about":[{"href":"https:\/\/www.printon.ee\/sv\/wp-json\/wp\/v2\/types\/page"}],"author":[{"embeddable":true,"href":"https:\/\/www.printon.ee\/sv\/wp-json\/wp\/v2\/users\/9"}],"replies":[{"embeddable":true,"href":"https:\/\/www.printon.ee\/sv\/wp-json\/wp\/v2\/comments?post=22074"}],"version-history":[{"count":0,"href":"https:\/\/www.printon.ee\/sv\/wp-json\/wp\/v2\/pages\/22074\/revisions"}],"up":[{"embeddable":true,"href":"https:\/\/www.printon.ee\/sv\/wp-json\/wp\/v2\/pages\/22044"}],"wp:attachment":[{"href":"https:\/\/www.printon.ee\/sv\/wp-json\/wp\/v2\/media?parent=22074"}],"curies":[{"name":"wp","href":"https:\/\/api.w.org\/{rel}","templated":true}]}}